{"id":4980,"date":"2020-10-19T10:35:38","date_gmt":"2020-10-19T10:35:38","guid":{"rendered":"https:\/\/abctraducoes.pt\/politique-de-confidentialite\/"},"modified":"2022-12-27T16:36:14","modified_gmt":"2022-12-27T16:36:14","slug":"politique-de-confidentialite","status":"publish","type":"page","link":"https:\/\/abctraducoes.pt\/fr\/politique-de-confidentialite\/","title":{"rendered":"Politique de Confidentialit\u00e9"},"content":{"rendered":"\t\t<div data-elementor-type=\"wp-page\" data-elementor-id=\"4980\" class=\"elementor elementor-4980 elementor-427\" data-elementor-settings=\"[]\">\n\t\t\t\t\t\t\t<div class=\"elementor-section-wrap\">\n\t\t\t\t\t\t\t<section data-particle_enable=\"false\" class=\"elementor-section elementor-top-section elementor-element elementor-element-79ece4c elementor-section-stretched elementor-section-height-min-height elementor-section-boxed elementor-section-height-default elementor-section-items-middle\" data-id=\"79ece4c\" data-element_type=\"section\" data-settings=\"{&quot;stretch_section&quot;:&quot;section-stretched&quot;,&quot;background_background&quot;:&quot;classic&quot;}\">\n\t\t\t\t\t\t\t<div class=\"elementor-background-overlay\"><\/div>\n\t\t\t\t\t\t\t<div class=\"elementor-container elementor-column-gap-default\">\n\t\t\t\t\t<div class=\"elementor-column elementor-col-100 elementor-top-column elementor-element elementor-element-93f0df0\" data-id=\"93f0df0\" data-element_type=\"column\">\n\t\t\t<div class=\"elementor-widget-wrap elementor-element-populated\">\n\t\t\t\t\t\t\t\t<div class=\"elementor-element elementor-element-820c02d elementor-widget elementor-widget-heading\" data-id=\"820c02d\" data-element_type=\"widget\" data-widget_type=\"heading.default\">\n\t\t\t\t<div class=\"elementor-widget-container\">\n\t\t\t<h1 class=\"elementor-heading-title elementor-size-medium\">Politique de Confidentialit\u00e9<\/h1>\t\t<\/div>\n\t\t\t\t<\/div>\n\t\t\t\t\t<\/div>\n\t\t<\/div>\n\t\t\t\t\t\t\t<\/div>\n\t\t<\/section>\n\t\t\t\t<section data-particle_enable=\"false\" class=\"elementor-section elementor-top-section elementor-element elementor-element-43c378c2 elementor-section-boxed elementor-section-height-default elementor-section-height-default\" data-id=\"43c378c2\" data-element_type=\"section\">\n\t\t\t\t\t\t<div class=\"elementor-container elementor-column-gap-default\">\n\t\t\t\t\t<div class=\"elementor-column elementor-col-100 elementor-top-column elementor-element elementor-element-6203e41e\" data-id=\"6203e41e\" data-element_type=\"column\">\n\t\t\t<div class=\"elementor-widget-wrap elementor-element-populated\">\n\t\t\t\t\t\t\t\t<div class=\"elementor-element elementor-element-267f26c6 elementor-widget elementor-widget-spacer\" data-id=\"267f26c6\" data-element_type=\"widget\" data-widget_type=\"spacer.default\">\n\t\t\t\t<div class=\"elementor-widget-container\">\n\t\t\t\t\t<div class=\"elementor-spacer\">\n\t\t\t<div class=\"elementor-spacer-inner\"><\/div>\n\t\t<\/div>\n\t\t\t\t<\/div>\n\t\t\t\t<\/div>\n\t\t\t\t<div class=\"elementor-element elementor-element-139a1d3e elementor-widget elementor-widget-text-editor\" data-id=\"139a1d3e\" data-element_type=\"widget\" data-widget_type=\"text-editor.default\">\n\t\t\t\t<div class=\"elementor-widget-container\">\n\t\t\t\t\t\t\t<p>La soci\u00e9t\u00e9 \u00ab Ana Bela Cabral Servi\u00e7os Lingu\u00edsticos L.da \u00bb (<a href=\"https:\/\/www.abctraducoes.pt\">ABC Tradu\u00e7\u00f5es<\/a>) respecte le R\u00e8glement (UE) 2016\/679 du Parlement europ\u00e9en et du Conseil du 27 avril 2016 \u2013 R\u00e8glement g\u00e9n\u00e9ral de la Protection des donn\u00e9es en mati\u00e8re de collecte, traitement, stockage et acc\u00e8s aux donn\u00e9es personnelles, assurant la mise en place de mesures techniques et organisationnelles ad\u00e9quates \u00e0 la protection des donn\u00e9es personnelles des titulaires respectifs.<\/p>\n<p>Dans ce contexte, nous informons que :<\/p>\n<p><strong>Donn\u00e9es personnelles, lic\u00e9it\u00e9 de la collecte et du traitement<\/strong><\/p>\n<p>La soci\u00e9t\u00e9 \u00ab Ana Bela Cabral L.da \u00bb ne collecte et ne traite que les donn\u00e9es personnelles advenant d&rsquo;une relation contractuelle \u00e9tablie avec les titulaires.<\/p>\n<p>Les donn\u00e9es personnelles pr\u00e9lev\u00e9es par cette entreprise se limitent au nom, \u00e0 l&rsquo;adresse, au contact t\u00e9l\u00e9phonique et n\u00ba de TVA.<\/p>\n<p>En vertu de son activit\u00e9 commerciale \u2013 traduction, interpr\u00e9tation et copywriting -, la soci\u00e9t\u00e9 \u00ab Ana Bela Cabral L.da \u00bb prendra connaissance d&rsquo;autres donn\u00e9es personnelles qui feront elles aussi l&rsquo;objet d&rsquo;une protection, aux termes du r\u00e8glement susmentionn\u00e9.<\/p>\n<p><strong>But<\/strong><\/p>\n<p><strong>\u00a0<\/strong>Les donn\u00e9es personnelles pr\u00e9lev\u00e9es sont les donn\u00e9es ad\u00e9quates et limit\u00e9es \u00e0 leur but, et ne sont utilis\u00e9es que dans le respect de la relation contractuelle et pr\u00e9contractuelle existante (devis et prestation de services) et pour donner suite \u00e0 des obligations l\u00e9galement impos\u00e9es.<\/p>\n<p><strong>Transmission de donn\u00e9es<\/strong><\/p>\n<p>Les donn\u00e9es collect\u00e9es par la soci\u00e9t\u00e9 \u00ab Ana Bela Cabral L.da \u00bb ne sont transmises qu&rsquo;aux :<\/p>\n<ul>\n<li>Entit\u00e9s obligatoires aux termes impos\u00e9s par la loi afin de respecter toute obligation l\u00e9gale (ex. : Autorit\u00e9 fiscale).<\/li>\n<li>Entit\u00e9s partenaires auxquelles la soci\u00e9t\u00e9 \u00ab Ana Bela Cabral L.da \u00bb a recours pour l&rsquo;ex\u00e9cution de projets. Partenaires fiables qui se trouvent sous une obligation contractuelle sp\u00e9cifique, et ne pouvant utiliser exclusivement les donn\u00e9es collect\u00e9es que dans le cadre de la relation contractuelle existante.<\/li>\n<li>De telles donn\u00e9es ne seront transmises \u00e0 des tiers non contempl\u00e9s dans les pr\u00e9sentes et ne seront utilis\u00e9es \u00e0 des fins diff\u00e9rentes que si leur titulaire accorde son consentement expr\u00e8s au pr\u00e9alable.<\/li>\n<\/ul>\n<p>&nbsp;<\/p>\n<p><strong>D\u00e9lai de conservation des donn\u00e9es<\/strong><\/p>\n<p>Les donn\u00e9es seront pr\u00e9serv\u00e9es pendant la dur\u00e9e du contrat conclu et pour la p\u00e9riode strictement n\u00e9cessaire au respect des obligations l\u00e9gales.<\/p>\n<p>\u00c0 l&rsquo;exception de la situation susmentionn\u00e9e, les donn\u00e9es personnelles pr\u00e9lev\u00e9es seront conserv\u00e9es 5 ans \u00e0 compter de leur collecte.<\/p>\n<p><strong>Droits relatifs \u00e0 leurs donn\u00e9es : &#8211; Droit d&rsquo;acc\u00e8s, rectification, \u00e9limination, portabilit\u00e9, opposition et limitation du traitement de ses donn\u00e9es personnelles<\/strong><\/p>\n<ul>\n<li>Droit d&rsquo;acc\u00e8s : Droit d&rsquo;obtenir une confirmation sur le traitement ou non-traitement de leurs donn\u00e9es et, le cas \u00e9ch\u00e9ant, de solliciter l&rsquo;acc\u00e8s \u00e0 ces donn\u00e9es.<\/li>\n<li>Droit de rectification : Droit d&rsquo;obtenir la rectification des donn\u00e9es personnelles estim\u00e9es inexactes ou de compl\u00e9ter des informations.<\/li>\n<li>Droit \u00e0 l&rsquo;\u00e9limination : Droit d&rsquo;obtenir de notre c\u00f4t\u00e9 l&rsquo;\u00e9limination des donn\u00e9es personnelles (sauvegardant les d\u00e9lais exig\u00e9s par la loi).<\/li>\n<li>Droit d&rsquo;opposition : Droit de s&rsquo;opposer au traitement de ses donn\u00e9es personnelles.<\/li>\n<li>Droit de limiter le traitement de donn\u00e9es : Droit d&rsquo;obtenir une limitation des activit\u00e9s de traitement de ses donn\u00e9es.<\/li>\n<\/ul>\n<p>\u00c0 chaque fois que vous souhaitez exercer ces droits relativement \u00e0 vos donn\u00e9es personnelles collect\u00e9es, vous pouvez envoyer un e-mail \u00e0 <a href=\"mailto:alex@eleva.pt\" target=\"_blank\" rel=\"noopener\">alex@eleva.pt<\/a>.<\/p>\n<p>Au cas o\u00f9 il y aurait une norme ou une obligation l\u00e9galement impos\u00e9e se superposant \u00e0 ces droits-l\u00e0, la soci\u00e9t\u00e9 \u00ab Ana Bela Cabral L.da \u00bb ne pourra pas vous accorder cette demande et vous informera de cette impossibilit\u00e9 et de son fondement respectif.<br \/><strong>\u00a0<\/strong><strong><br \/>Droit de r\u00e9clamer<\/strong><\/p>\n<p><strong>\u00a0<\/strong>Nous informons que l&rsquo;entit\u00e9 comp\u00e9tente de la gestion des r\u00e9clamations pour une \u00e9ventuelle violation de vos droits est la Comiss\u00e3o Nacional de Protec\u00e7\u00e3o de Dados (<a href=\"https:\/\/www.cnpd.pt\">https:\/\/www.cnpd.pt<\/a>).<\/p>\n<p><strong><br \/>Responsable du traitement de donn\u00e9es<\/strong><\/p>\n<p>La soci\u00e9t\u00e9 \u00ab Ana Bela Cabral L.da \u00bb est l&rsquo;entit\u00e9 responsable du traitement de vos donn\u00e9es personnelles, par des moyens automatis\u00e9s ou non-automatis\u00e9s, de leur collecte, organisation, conservation \u00e0 l&rsquo;\u00e9limination.<\/p>\n<p><strong>Contacts<\/strong><\/p>\n<p>Ana Bela Cabral Servi\u00e7os Lingu\u00edsticos L.da, personne morale n\u00ba 505\u00a0719 410 ;<\/p>\n<p>Si\u00e8ge &#8211; Bairro de Sta. Eug\u00e9nia, Lote 22 A, Loja 2<\/p>\n<p>E-mail : geral@abctraducoes.pt<\/p>\n<p>T\u00e9l\u00e9phone : +351 232 431 143<\/p>\n<p>La soci\u00e9t\u00e9 \u00ab Ana Bela Cabral L.da \u00bb se r\u00e9serve le droit de corriger ou de mettre \u00e0 jour sa Politique de confidentialit\u00e9.<\/p>\n<p>Fait \u00e0 Viseu, le 25 mai 2018<\/p>\n<p>La G\u00e9rance,<\/p>\n<p>ABC Tradu\u00e7\u00f5es<\/p>\n\t\t\t\t\t\t<\/div>\n\t\t\t\t<\/div>\n\t\t\t\t<div class=\"elementor-element elementor-element-5b692c5b elementor-widget elementor-widget-spacer\" data-id=\"5b692c5b\" data-element_type=\"widget\" data-widget_type=\"spacer.default\">\n\t\t\t\t<div class=\"elementor-widget-container\">\n\t\t\t\t\t<div class=\"elementor-spacer\">\n\t\t\t<div class=\"elementor-spacer-inner\"><\/div>\n\t\t<\/div>\n\t\t\t\t<\/div>\n\t\t\t\t<\/div>\n\t\t\t\t\t<\/div>\n\t\t<\/div>\n\t\t\t\t\t\t\t<\/div>\n\t\t<\/section>\n\t\t\t\t\t\t<\/div>\n\t\t\t\t\t<\/div>\n\t\t","protected":false},"excerpt":{"rendered":"<p>Politique de Confidentialit\u00e9 La soci\u00e9t\u00e9 \u00ab Ana Bela Cabral Servi\u00e7os Lingu\u00edsticos L.da \u00bb (ABC Tradu\u00e7\u00f5es) respecte le R\u00e8glement (UE) 2016\/679 du Parlement europ\u00e9en et du Conseil du 27 avril 2016 \u2013 R\u00e8glement g\u00e9n\u00e9ral de la Protection des donn\u00e9es en mati\u00e8re de collecte, traitement, stockage et acc\u00e8s aux donn\u00e9es personnelles, assurant la mise en place de [&hellip;]<\/p>\n","protected":false},"author":1,"featured_media":0,"parent":0,"menu_order":0,"comment_status":"closed","ping_status":"closed","template":"elementor_header_footer","meta":{"footnotes":""},"class_list":["post-4980","page","type-page","status-publish","hentry"],"yoast_head":"<!-- This site is optimized with the Yoast SEO plugin v22.0 - https:\/\/yoast.com\/wordpress\/plugins\/seo\/ -->\n<title>ABC Tradu\u00e7\u00f5es | Politique de Confidentialit\u00e9<\/title>\n<meta name=\"description\" content=\"La soci\u00e9t\u00e9 \u00ab Ana Bela Cabral Servi\u00e7os Lingu\u00edsticos L.da \u00bb (ABC Tradu\u00e7\u00f5es) respecte le R\u00e8glement (UE) 2016\/679 du Parlement europ\u00e9en et du Conseil du 27 avril 2016 \u2013 R\u00e8glement g\u00e9n\u00e9ral de la Protection des donn\u00e9es.\" \/>\n<meta name=\"robots\" content=\"index, follow, max-snippet:-1, max-image-preview:large, max-video-preview:-1\" \/>\n<link rel=\"canonical\" href=\"https:\/\/abctraducoes.pt\/fr\/politique-de-confidentialite\/\" \/>\n<meta property=\"og:locale\" content=\"fr_FR\" \/>\n<meta property=\"og:type\" content=\"article\" \/>\n<meta property=\"og:title\" content=\"ABC Tradu\u00e7\u00f5es | Politique de Confidentialit\u00e9\" \/>\n<meta property=\"og:description\" content=\"La soci\u00e9t\u00e9 \u00ab Ana Bela Cabral Servi\u00e7os Lingu\u00edsticos L.da \u00bb (ABC Tradu\u00e7\u00f5es) respecte le R\u00e8glement (UE) 2016\/679 du Parlement europ\u00e9en et du Conseil du 27 avril 2016 \u2013 R\u00e8glement g\u00e9n\u00e9ral de la Protection des donn\u00e9es.\" \/>\n<meta property=\"og:url\" content=\"https:\/\/abctraducoes.pt\/fr\/politique-de-confidentialite\/\" \/>\n<meta property=\"og:site_name\" content=\"ABC Tradu\u00e7\u00f5es\" \/>\n<meta property=\"article:publisher\" content=\"https:\/\/www.facebook.com\/abctraducoes\/\" \/>\n<meta property=\"article:modified_time\" content=\"2022-12-27T16:36:14+00:00\" \/>\n<meta name=\"twitter:card\" content=\"summary_large_image\" \/>\n<meta name=\"twitter:label1\" content=\"Dur\u00e9e de lecture estim\u00e9e\" \/>\n\t<meta name=\"twitter:data1\" content=\"4 minutes\" \/>\n<script type=\"application\/ld+json\" class=\"yoast-schema-graph\">{\"@context\":\"https:\/\/schema.org\",\"@graph\":[{\"@type\":\"WebPage\",\"@id\":\"https:\/\/abctraducoes.pt\/fr\/politique-de-confidentialite\/\",\"url\":\"https:\/\/abctraducoes.pt\/fr\/politique-de-confidentialite\/\",\"name\":\"ABC Tradu\u00e7\u00f5es | Politique de Confidentialit\u00e9\",\"isPartOf\":{\"@id\":\"https:\/\/abctraducoes.pt\/#website\"},\"datePublished\":\"2020-10-19T10:35:38+00:00\",\"dateModified\":\"2022-12-27T16:36:14+00:00\",\"description\":\"La soci\u00e9t\u00e9 \u00ab Ana Bela Cabral Servi\u00e7os Lingu\u00edsticos L.da \u00bb (ABC Tradu\u00e7\u00f5es) respecte le R\u00e8glement (UE) 2016\/679 du Parlement europ\u00e9en et du Conseil du 27 avril 2016 \u2013 R\u00e8glement g\u00e9n\u00e9ral de la Protection des donn\u00e9es.\",\"breadcrumb\":{\"@id\":\"https:\/\/abctraducoes.pt\/fr\/politique-de-confidentialite\/#breadcrumb\"},\"inLanguage\":\"fr-FR\",\"potentialAction\":[{\"@type\":\"ReadAction\",\"target\":[\"https:\/\/abctraducoes.pt\/fr\/politique-de-confidentialite\/\"]}]},{\"@type\":\"BreadcrumbList\",\"@id\":\"https:\/\/abctraducoes.pt\/fr\/politique-de-confidentialite\/#breadcrumb\",\"itemListElement\":[{\"@type\":\"ListItem\",\"position\":1,\"name\":\"In\u00edcio\",\"item\":\"https:\/\/abctraducoes.pt\/fr\/\"},{\"@type\":\"ListItem\",\"position\":2,\"name\":\"Politique de Confidentialit\u00e9\"}]},{\"@type\":\"WebSite\",\"@id\":\"https:\/\/abctraducoes.pt\/#website\",\"url\":\"https:\/\/abctraducoes.pt\/\",\"name\":\"ABC Tradu\u00e7\u00f5es | Servi\u00e7os de Tradu\u00e7\u00e3o e Interpreta\u00e7\u00e3o!\",\"description\":\"Mais do que palavras, traduzimos ideias.\",\"publisher\":{\"@id\":\"https:\/\/abctraducoes.pt\/#organization\"},\"potentialAction\":[{\"@type\":\"SearchAction\",\"target\":{\"@type\":\"EntryPoint\",\"urlTemplate\":\"https:\/\/abctraducoes.pt\/?s={search_term_string}\"},\"query-input\":\"required name=search_term_string\"}],\"inLanguage\":\"fr-FR\"},{\"@type\":\"Organization\",\"@id\":\"https:\/\/abctraducoes.pt\/#organization\",\"name\":\"ABC Tradu\u00e7\u00f5es\",\"url\":\"https:\/\/abctraducoes.pt\/\",\"logo\":{\"@type\":\"ImageObject\",\"inLanguage\":\"fr-FR\",\"@id\":\"https:\/\/abctraducoes.pt\/#\/schema\/logo\/image\/\",\"url\":\"https:\/\/abctraducoes.pt\/wp-content\/uploads\/2019\/11\/abc-traducoes-logotipo-website.png\",\"contentUrl\":\"https:\/\/abctraducoes.pt\/wp-content\/uploads\/2019\/11\/abc-traducoes-logotipo-website.png\",\"width\":432,\"height\":193,\"caption\":\"ABC Tradu\u00e7\u00f5es\"},\"image\":{\"@id\":\"https:\/\/abctraducoes.pt\/#\/schema\/logo\/image\/\"},\"sameAs\":[\"https:\/\/www.facebook.com\/abctraducoes\/\"]}]}<\/script>\n<!-- \/ Yoast SEO plugin. -->","yoast_head_json":{"title":"ABC Tradu\u00e7\u00f5es | Politique de Confidentialit\u00e9","description":"La soci\u00e9t\u00e9 \u00ab Ana Bela Cabral Servi\u00e7os Lingu\u00edsticos L.da \u00bb (ABC Tradu\u00e7\u00f5es) respecte le R\u00e8glement (UE) 2016\/679 du Parlement europ\u00e9en et du Conseil du 27 avril 2016 \u2013 R\u00e8glement g\u00e9n\u00e9ral de la Protection des donn\u00e9es.","robots":{"index":"index","follow":"follow","max-snippet":"max-snippet:-1","max-image-preview":"max-image-preview:large","max-video-preview":"max-video-preview:-1"},"canonical":"https:\/\/abctraducoes.pt\/fr\/politique-de-confidentialite\/","og_locale":"fr_FR","og_type":"article","og_title":"ABC Tradu\u00e7\u00f5es | Politique de Confidentialit\u00e9","og_description":"La soci\u00e9t\u00e9 \u00ab Ana Bela Cabral Servi\u00e7os Lingu\u00edsticos L.da \u00bb (ABC Tradu\u00e7\u00f5es) respecte le R\u00e8glement (UE) 2016\/679 du Parlement europ\u00e9en et du Conseil du 27 avril 2016 \u2013 R\u00e8glement g\u00e9n\u00e9ral de la Protection des donn\u00e9es.","og_url":"https:\/\/abctraducoes.pt\/fr\/politique-de-confidentialite\/","og_site_name":"ABC Tradu\u00e7\u00f5es","article_publisher":"https:\/\/www.facebook.com\/abctraducoes\/","article_modified_time":"2022-12-27T16:36:14+00:00","twitter_card":"summary_large_image","twitter_misc":{"Dur\u00e9e de lecture estim\u00e9e":"4 minutes"},"schema":{"@context":"https:\/\/schema.org","@graph":[{"@type":"WebPage","@id":"https:\/\/abctraducoes.pt\/fr\/politique-de-confidentialite\/","url":"https:\/\/abctraducoes.pt\/fr\/politique-de-confidentialite\/","name":"ABC Tradu\u00e7\u00f5es | Politique de Confidentialit\u00e9","isPartOf":{"@id":"https:\/\/abctraducoes.pt\/#website"},"datePublished":"2020-10-19T10:35:38+00:00","dateModified":"2022-12-27T16:36:14+00:00","description":"La soci\u00e9t\u00e9 \u00ab Ana Bela Cabral Servi\u00e7os Lingu\u00edsticos L.da \u00bb (ABC Tradu\u00e7\u00f5es) respecte le R\u00e8glement (UE) 2016\/679 du Parlement europ\u00e9en et du Conseil du 27 avril 2016 \u2013 R\u00e8glement g\u00e9n\u00e9ral de la Protection des donn\u00e9es.","breadcrumb":{"@id":"https:\/\/abctraducoes.pt\/fr\/politique-de-confidentialite\/#breadcrumb"},"inLanguage":"fr-FR","potentialAction":[{"@type":"ReadAction","target":["https:\/\/abctraducoes.pt\/fr\/politique-de-confidentialite\/"]}]},{"@type":"BreadcrumbList","@id":"https:\/\/abctraducoes.pt\/fr\/politique-de-confidentialite\/#breadcrumb","itemListElement":[{"@type":"ListItem","position":1,"name":"In\u00edcio","item":"https:\/\/abctraducoes.pt\/fr\/"},{"@type":"ListItem","position":2,"name":"Politique de Confidentialit\u00e9"}]},{"@type":"WebSite","@id":"https:\/\/abctraducoes.pt\/#website","url":"https:\/\/abctraducoes.pt\/","name":"ABC Tradu\u00e7\u00f5es | Servi\u00e7os de Tradu\u00e7\u00e3o e Interpreta\u00e7\u00e3o!","description":"Mais do que palavras, traduzimos ideias.","publisher":{"@id":"https:\/\/abctraducoes.pt\/#organization"},"potentialAction":[{"@type":"SearchAction","target":{"@type":"EntryPoint","urlTemplate":"https:\/\/abctraducoes.pt\/?s={search_term_string}"},"query-input":"required name=search_term_string"}],"inLanguage":"fr-FR"},{"@type":"Organization","@id":"https:\/\/abctraducoes.pt\/#organization","name":"ABC Tradu\u00e7\u00f5es","url":"https:\/\/abctraducoes.pt\/","logo":{"@type":"ImageObject","inLanguage":"fr-FR","@id":"https:\/\/abctraducoes.pt\/#\/schema\/logo\/image\/","url":"https:\/\/abctraducoes.pt\/wp-content\/uploads\/2019\/11\/abc-traducoes-logotipo-website.png","contentUrl":"https:\/\/abctraducoes.pt\/wp-content\/uploads\/2019\/11\/abc-traducoes-logotipo-website.png","width":432,"height":193,"caption":"ABC Tradu\u00e7\u00f5es"},"image":{"@id":"https:\/\/abctraducoes.pt\/#\/schema\/logo\/image\/"},"sameAs":["https:\/\/www.facebook.com\/abctraducoes\/"]}]}},"_links":{"self":[{"href":"https:\/\/abctraducoes.pt\/fr\/wp-json\/wp\/v2\/pages\/4980","targetHints":{"allow":["GET"]}}],"collection":[{"href":"https:\/\/abctraducoes.pt\/fr\/wp-json\/wp\/v2\/pages"}],"about":[{"href":"https:\/\/abctraducoes.pt\/fr\/wp-json\/wp\/v2\/types\/page"}],"author":[{"embeddable":true,"href":"https:\/\/abctraducoes.pt\/fr\/wp-json\/wp\/v2\/users\/1"}],"replies":[{"embeddable":true,"href":"https:\/\/abctraducoes.pt\/fr\/wp-json\/wp\/v2\/comments?post=4980"}],"version-history":[{"count":0,"href":"https:\/\/abctraducoes.pt\/fr\/wp-json\/wp\/v2\/pages\/4980\/revisions"}],"wp:attachment":[{"href":"https:\/\/abctraducoes.pt\/fr\/wp-json\/wp\/v2\/media?parent=4980"}],"curies":[{"name":"wp","href":"https:\/\/api.w.org\/{rel}","templated":true}]}}